{"id":2,"date":"2018-04-05T19:59:57","date_gmt":"2018-04-05T19:59:57","guid":{"rendered":"https:\/\/slateblue-falcon-325495.hostingersite.com\/?page_id=2"},"modified":"2020-06-26T16:43:03","modified_gmt":"2020-06-26T16:43:03","slug":"inicio","status":"publish","type":"page","link":"https:\/\/ritomoderno.es\/","title":{"rendered":"Inicio"},"content":{"rendered":"<p>[et_pb_section fb_built=\u00bb1&#8243; fullwidth=\u00bbon\u00bb _builder_version=\u00bb3.22&#8243;][et_pb_fullwidth_image src=\u00bbhttps:\/\/slateblue-falcon-325495.hostingersite.com\/wp-content\/uploads\/2018\/04\/presentacion_cerf.png\u00bb _builder_version=\u00bb3.0.106&#8243;][\/et_pb_fullwidth_image][\/et_pb_section][et_pb_section fb_built=\u00bb1&#8243; _builder_version=\u00bb3.22&#8243;][et_pb_row _builder_version=\u00bb3.25&#8243; background_size=\u00bbinitial\u00bb background_position=\u00bbtop_left\u00bb background_repeat=\u00bbrepeat\u00bb column_structure=\u00bb2_3,1_3&#8243;][et_pb_column type=\u00bb2_3&#8243; _builder_version=\u00bb3.25&#8243; custom_padding=\u00bb|||\u00bb custom_padding__hover=\u00bb|||\u00bb][et_pb_text _builder_version=\u00bb4.4.8&#8243; hover_enabled=\u00bb0&#8243; text_font_size=\u00bb20px\u00bb header_2_font=\u00bbAbhaya Libre|700|||||||\u00bb header_2_font_size=\u00bb30px\u00bb text_line_height=\u00bb1.5em\u00bb custom_padding=\u00bb||0px|||\u00bb]<\/p>\n<h2>C\u00edrculo de Estudios del Rito Moderno y Franc\u00e9s \u201cRo\u00ebttiers de Montaleau\u201d<\/h2>\n<p>&nbsp;<\/p>\n<p>El\u00a0<strong>Circulo de Estudios de Rito\u00a0<a href=\"https:\/\/web.archive.org\/web\/20170911141355\/https:\/\/fr.wikipedia.org\/wiki\/Rite_fran%C3%A7ais\" target=\"_blank\" rel=\"noopener noreferrer\">Moderno y Franc\u00e9s<\/a>\u00a0 \u00abRo\u00ebttiers de Montaleau\u00bb,<\/strong>\u00a0nace en el territorio mas\u00f3nico espa\u00f1ol, por varias razones:<\/p>\n<p>La primera es que siempre ha imperado en el pa\u00eds salvo algunas excepciones, el Rito Escoc\u00e9s Antiguo y Aceptado, (R.\u00b7.E.\u00b7.A.\u00b7.A.\u00b7.) y desde la refundaci\u00f3n de la masoner\u00eda en 1978, se han venido asentando otros sistemas rituales, entre los cuales ha ido tomando muy t\u00edmidamente asiento el Rito Franc\u00e9s, originarios o bien del Gran Oriente de Francia (G.\u00b7.O.\u00b7.D.\u00b7.F.\u00b7.) en su versi\u00f3n \u201cGroussier\u201d, o de la Gran Logia Nacional de Francia (G.\u00b7.L.\u00b7.N.\u00b7.F.\u00b7.) los cuales han dado soporte ritual a Logias y Cap\u00edtulos, que hoy ocupan un peque\u00f1o espacio, bien dentro de la\u00a0<em>masoner\u00eda liberal<\/em>\u00a0o de la\u00a0<em>masoner\u00eda tradicional<\/em>\u00a0espa\u00f1ola.<\/p>\n<p>Dada la amplia laguna de informaci\u00f3n y conocimiento diversos masones que trabaj\u00e1bamos en el rito Moderno o en el Rito Franc\u00e9s, vimos la necesidad de cubrir ese gran espacio sobre una realidad mas\u00f3nica muy desconocida, que empez\u00f3 en 1717, la cual se fue definiendo a lo largo del tiempo en una forma de entender el ritual y el propio quehacer mas\u00f3nico, y que se ha caracterizado como el quehacer de los \u00abModernos\u00bb.<\/p>\n<p>Esa primigenia laguna formativa la fuimos llenando varios Hermanos Masones desde diversos \u00e1ngulos, desde el puramente logial, bien ayudando a los Hermanos a descubrir las esencias del Rito Franc\u00e9s, o animando a propios y ajenos, a trabajar un Rito Franc\u00e9s cada d\u00eda m\u00e1s \u201cpuro\u201d o a profundizar en otras referencias y otros rituales procedentes de ra\u00edz de los \u201cmodernos\u201d, como expresi\u00f3n genuina de una corriente que nos quer\u00edamos dejar solo en lo concerniente al ritual.<\/p>\n<p>[\/et_pb_text][\/et_pb_column][et_pb_column type=\u00bb1_3&#8243; _builder_version=\u00bb3.25&#8243; custom_padding=\u00bb|||\u00bb custom_padding__hover=\u00bb|||\u00bb][et_pb_cta title=\u00bbRevista 300 Aniversario y Masoner\u00eda de los Modernos\u00bb button_url=\u00bbhttps:\/\/www.amazon.com\/300-Aniversario-Masoner%C3%ADa-los-Modernos\/dp\/1980631174\/ref=sr_1_1?ie=UTF8&#038;qid=1523213160&#038;sr=8-1&#038;keywords=300+aniversario+y+masoneria\u00bb url_new_window=\u00bbon\u00bb button_text=\u00bbAdquierela ya!\u00bb admin_label=\u00bbrevista 300 a\u00f1os\u00bb _builder_version=\u00bb3.16&#8243; header_level=\u00bbh3&#8243; header_font=\u00bb|700|||||||\u00bb header_text_align=\u00bbcenter\u00bb body_text_align=\u00bbcenter\u00bb body_text_color=\u00bb#000000&#8243; custom_button=\u00bbon\u00bb button_text_color=\u00bb#ffffff\u00bb button_border_width=\u00bb3&#8243; button_font=\u00bb|700|||||||\u00bb button_alignment=\u00bbcenter\u00bb box_shadow_style=\u00bbpreset2&#8243; button_text_size__hover_enabled=\u00bboff\u00bb button_one_text_size__hover_enabled=\u00bboff\u00bb button_two_text_size__hover_enabled=\u00bboff\u00bb button_text_color__hover_enabled=\u00bboff\u00bb button_one_text_color__hover_enabled=\u00bboff\u00bb button_two_text_color__hover_enabled=\u00bboff\u00bb button_border_width__hover_enabled=\u00bboff\u00bb button_one_border_width__hover_enabled=\u00bboff\u00bb button_two_border_width__hover_enabled=\u00bboff\u00bb button_border_color__hover_enabled=\u00bboff\u00bb button_one_border_color__hover_enabled=\u00bboff\u00bb button_two_border_color__hover_enabled=\u00bboff\u00bb button_border_radius__hover_enabled=\u00bboff\u00bb button_one_border_radius__hover_enabled=\u00bboff\u00bb button_two_border_radius__hover_enabled=\u00bboff\u00bb button_letter_spacing__hover_enabled=\u00bboff\u00bb button_one_letter_spacing__hover_enabled=\u00bboff\u00bb button_two_letter_spacing__hover_enabled=\u00bboff\u00bb button_bg_color__hover_enabled=\u00bboff\u00bb button_one_bg_color__hover_enabled=\u00bboff\u00bb button_two_bg_color__hover_enabled=\u00bboff\u00bb]<\/p>\n<p style=\"text-align: center;\"><img loading=\"lazy\" decoding=\"async\" class=\"aligncenter wp-image-150\" src=\"https:\/\/slateblue-falcon-325495.hostingersite.com\/wp-content\/uploads\/2018\/04\/Portada-300-Aniversario-y-Masoner\u00eda-de-los-Modernos-169x300.jpg\" alt=\"\" width=\"120\" height=\"213\" srcset=\"https:\/\/ritomoderno.es\/wp-content\/uploads\/2018\/04\/Portada-300-Aniversario-y-Masoner\u00eda-de-los-Modernos-169x300.jpg 169w, https:\/\/ritomoderno.es\/wp-content\/uploads\/2018\/04\/Portada-300-Aniversario-y-Masoner\u00eda-de-los-Modernos-768x1366.jpg 768w, https:\/\/ritomoderno.es\/wp-content\/uploads\/2018\/04\/Portada-300-Aniversario-y-Masoner\u00eda-de-los-Modernos-576x1024.jpg 576w, https:\/\/ritomoderno.es\/wp-content\/uploads\/2018\/04\/Portada-300-Aniversario-y-Masoner\u00eda-de-los-Modernos-1080x1920.jpg 1080w\" sizes=\"(max-width: 120px) 100vw, 120px\" \/><\/p>\n<p style=\"text-align: center;\"><strong>Revista de An\u00e1lisis y Reflexiones de Hermanos Masones<\/strong><\/p>\n<p>[\/et_pb_cta][et_pb_image src=\u00bbhttps:\/\/slateblue-falcon-325495.hostingersite.com\/wp-content\/uploads\/2018\/04\/11142431_10206765211839915_4876700067593483744_n-768&#215;432.jpg\u00bb align=\u00bbcenter\u00bb force_fullwidth=\u00bbon\u00bb align_tablet=\u00bbcenter\u00bb align_last_edited=\u00bbon|desktop\u00bb admin_label=\u00bbmandil\u00bb _builder_version=\u00bb3.23&#8243; box_shadow_style=\u00bbpreset2&#8243; always_center_on_mobile=\u00bbon\u00bb][\/et_pb_image][\/et_pb_column][\/et_pb_row][et_pb_row _builder_version=\u00bb4.4.8&#8243; custom_padding=\u00bb0px|||||\u00bb][et_pb_column _builder_version=\u00bb4.4.8&#8243; type=\u00bb4_4&#8243;][et_pb_text _builder_version=\u00bb4.4.8&#8243; hover_enabled=\u00bb0&#8243; text_font_size=\u00bb20px\u00bb header_2_font=\u00bbAbhaya Libre|700|||||||\u00bb header_2_font_size=\u00bb30px\u00bb text_line_height=\u00bb1.5em\u00bb]<\/p>\n<p>\u00a0<span style=\"font-size: 20px;\">Lo cual\u00a0llev\u00f3 a algunos de nosotros a exteriorizar nuestras experiencias, y hallazgos acerca de un rito novedoso en aquellos momentos para algunos de nosotros, como era el Rito Franc\u00e9s, y lo hicimos y a\u00fan perseveramos en ello, por medio de plataformas web, blogs personales, etc., en los cuales hemos ido volcando y exponiendo nuestras inquietudes, nuestros descubrimientos, e incluso nuestras dudas.<\/span><\/p>\n<p>Fruto de esa actividad naci\u00f3 la preocupaci\u00f3n por ahondar m\u00e1s si cabe, no tanto en el Rito Franc\u00e9s, tan enmarcado en unas pocas Obediencias de car\u00e1cter continental, sino en un axioma de mayor concepci\u00f3n y contenido, como es trabajar sobre la base del Rito de Fundaci\u00f3n (1717) ya que el denominado \u00a0Rito Franc\u00e9s nos condicionaba en lo hist\u00f3rico y en lo obediencial, sin embargo nos pareci\u00f3 interesante tras nuestra\u00a0 puesta en marcha \u00a0como grupo de estudio\u00a0 en retrotraernos a la ra\u00edz de los \u201cModernos\u201d, \u00a0o sea \u00a0abrir la \u00f3ptica\u00a0 de estudio\u00a0 para de este modo \u00a0comprender mejor algunas realidades del rito que se levant\u00f3 con la Gran Logia de Londres\u00a0 en 1717.<\/p>\n<p>[\/et_pb_text][\/et_pb_column][\/et_pb_row][et_pb_row _builder_version=\u00bb3.25&#8243; background_size=\u00bbinitial\u00bb background_position=\u00bbtop_left\u00bb background_repeat=\u00bbrepeat\u00bb][et_pb_column type=\u00bb4_4&#8243; _builder_version=\u00bb3.25&#8243; custom_padding=\u00bb|||\u00bb custom_padding__hover=\u00bb|||\u00bb][et_pb_gallery gallery_ids=\u00bb161,163,167,172,170,171,282,288&#8243; posts_number=\u00bb8&#8243; show_pagination=\u00bboff\u00bb zoom_icon_color=\u00bb#bbcfe0&#8243; _builder_version=\u00bb4.4.8&#8243; hover_enabled=\u00bb0&#8243; pagination_font_size_tablet=\u00bb51&#8243; pagination_line_height_tablet=\u00bb2&#8243; title_font=\u00bbAbhaya Libre||||||||\u00bb title_font_size=\u00bb20px\u00bb][\/et_pb_gallery][\/et_pb_column][\/et_pb_row][et_pb_row _builder_version=\u00bb3.25&#8243; background_size=\u00bbinitial\u00bb background_position=\u00bbtop_left\u00bb background_repeat=\u00bbrepeat\u00bb column_structure=\u00bb1_3,2_3&#8243;][et_pb_column type=\u00bb1_3&#8243; _builder_version=\u00bb3.25&#8243; custom_padding=\u00bb|||\u00bb custom_padding__hover=\u00bb|||\u00bb][et_pb_image src=\u00bbhttps:\/\/slateblue-falcon-325495.hostingersite.com\/wp-content\/uploads\/2018\/04\/143px-1745_Le_sceau_Rompu_Cosmopolis.jpg\u00bb align=\u00bbcenter\u00bb force_fullwidth=\u00bbon\u00bb align_tablet=\u00bbcenter\u00bb align_last_edited=\u00bbon|desktop\u00bb admin_label=\u00bbsceau\u00bb _builder_version=\u00bb3.23&#8243; box_shadow_style=\u00bbpreset2&#8243; always_center_on_mobile=\u00bbon\u00bb][\/et_pb_image][et_pb_image src=\u00bbhttps:\/\/slateblue-falcon-325495.hostingersite.com\/wp-content\/uploads\/2018\/04\/clip_image004_thumb.jpg\u00bb align=\u00bbcenter\u00bb force_fullwidth=\u00bbon\u00bb align_tablet=\u00bbcenter\u00bb align_last_edited=\u00bbon|desktop\u00bb admin_label=\u00bbprichard\u00bb _builder_version=\u00bb3.23&#8243; always_center_on_mobile=\u00bbon\u00bb][\/et_pb_image][\/et_pb_column][et_pb_column type=\u00bb2_3&#8243; _builder_version=\u00bb3.25&#8243; custom_padding=\u00bb|||\u00bb custom_padding__hover=\u00bb|||\u00bb][et_pb_text _builder_version=\u00bb4.4.8&#8243; hover_enabled=\u00bb0&#8243; text_font_size=\u00bb18px\u00bb header_font=\u00bbAguafina Script||||||||\u00bb header_3_font=\u00bbBilbo Swash Caps||||||||\u00bb header_3_font_size=\u00bb28px\u00bb]<\/p>\n<p>Esto\u00a0ha llevado a una serie de masones, de diferentes tendencias y estilos mas\u00f3nicos, a reunirnos para reflexionar y para orientarnos y esclarecernos en cuanto a todo los que concierne al Rito de Fundaci\u00f3n, o sea el rito de los \u201cModernos\u201d, (1717) a\u00a0fin de ahondar lo m\u00e1s posible en cuanto a sus or\u00edgenes, su desarrollo, sus pr\u00e1cticas y hasta sus perversiones, haciendo del apoyo mutuo nuestro lema, para de este modo formarnos como masones del Rito Moderno.<\/p>\n<p>Y as\u00ed, fundamos el C\u00edrculo, que hoy en el a\u00f1o 2016 lo volvemos a refundar desde la misma \u00f3ptica extra obediencial en la que est\u00e1bamos, pero aunando diversidades y singularidades en un proyecto m\u00e1s abierto y plural como es\u00a0<strong>el Circulo de Estudios del Rito Moderno y Franc\u00e9s \u00abRoettiers de Monteleau<\/strong>\u00bb.<\/p>\n<p>Un proyecto que esperamos\u00a0funcione a modo de un gran iceberg, del cual asoma esta peque\u00f1a punta que es esta nueva p\u00e1gina, pero debajo hay cientos de trabajos e investigaciones, que una vez pasado el calor de las pol\u00e9micas y las rencillas, hoy podemos exponer de forma abierta nuestro quehacer y nuestra preocupaci\u00f3n.<\/p>\n<p>Deseamos abordar un estudio cr\u00edtico de la masoner\u00eda vista desde el Rito Moderno, en el marco de una reflexi\u00f3n permanente profunda y esclarecedora, de cuyo trabajo esta p\u00e1gina web ser\u00e1 su referente a modo de expresi\u00f3n y comunicaci\u00f3n de nuestro quehacer.<\/p>\n<p>Detr\u00e1s toda esta actividad hay un deseo de proyecci\u00f3n a\u00fan mayor, ya que en nuestra tierra (Espa\u00f1a) despu\u00e9s de a\u00f1os de trabajo se nos ha quedado peque\u00f1a, pues nuestra influencia creemos debe ser internacional, haciendo que el\u00a0<strong>Circulo de Estudios del Rito Moderno y Franc\u00e9s \u00abRoettiers de Monteleau<\/strong>\u00bb, sea un centro de referencia en el Rito Moderno.<\/p>\n<p>No olvidando que este Circulo y sus miembros, nos hemos constituido en una referencia no ya del Rito Franc\u00e9s, sino de una realidad mayor como es el Rito Moderno, sobre cuyo entorno hemos escrito unos quinientos trabajos de diversa \u00edndole.<\/p>\n<p>En el proyecto de su recuperaci\u00f3n, difusi\u00f3n y promoci\u00f3n seguimos trabajando, primero traduciendo al castellano sus rituales, sobre manera la obra culmen de la ra\u00edz moderna, el\u00a0<strong><em>Regulador del Mas\u00f3n<\/em><\/strong>\u00a0de 1785, el cual codific\u00f3<strong>\u00a0Ro\u00ebttiers de Montaleau<\/strong>, despertando as\u00ed de nuevo un\u00a0 inter\u00e9s inusitado entre los masones de todo el mundo por este singular rito piedra angular de nuestra fundaci\u00f3n como masoner\u00eda moderna.<\/p>\n<p>Es nuestro empe\u00f1o, el de un peque\u00f1o n\u00facleo de masones amantes del Rito Moderno que m\u00e1s all\u00e1 de nuestras logias y Obediencias y \u00f3pticas, seguimos empe\u00f1ados en poner al servicio de aquellos que deseen profundizar todo lo que acontece en torno al Rito de Fundaci\u00f3n de la Masoner\u00eda Especulativa, el rito de los \u00abModerno\u00bb, a cuya tarea sumarnos aportando nuestro modesto conocimiento y saber hacer.<\/p>\n<p>Espero que ello colme todas vuestras expectativas, como a nosotros nos ha colmado vuestra ayuda y el trabajo realizado.<\/p>\n<h3><strong>Victor Guerra.<\/strong><\/h3>\n<p> Presidente del\u00a0<strong>Circulo de Estudios del Rito Moderno y Franc\u00e9s \u00abRo\u00ebttiers de Monteleau\u00bb<\/strong><\/p>\n<p>[\/et_pb_text][\/et_pb_column][\/et_pb_row][\/et_pb_section]<\/p>\n","protected":false},"excerpt":{"rendered":"<p>C\u00edrculo de Estudios del Rito Moderno y Franc\u00e9s \u201cRo\u00ebttiers de Montaleau\u201d &nbsp; El\u00a0Circulo de Estudios de Rito\u00a0Moderno y Franc\u00e9s\u00a0 \u00abRo\u00ebttiers de Montaleau\u00bb,\u00a0nace en el territorio mas\u00f3nico espa\u00f1ol, por varias razones: La primera es que siempre ha imperado en el pa\u00eds salvo algunas excepciones, el Rito Escoc\u00e9s Antiguo y Aceptado, (R.\u00b7.E.\u00b7.A.\u00b7.A.\u00b7.) y desde la refundaci\u00f3n de [&hellip;]<\/p>\n","protected":false},"author":1,"featured_media":0,"parent":0,"menu_order":0,"comment_status":"closed","ping_status":"open","template":"","meta":{"_et_pb_use_builder":"on","_et_pb_old_content":"<p>Esta es una p\u00e1gina de ejemplo, Es diferente a una entrada de un blog porque se mantiene est\u00e1tica y se mostrar\u00e1 en la barra de navegaci\u00f3n (en la mayor\u00eda de temas). Casi todo el mundo comienza con una p\u00e1gina Sobre m\u00ed para presentarse a los potenciales visitantes. Podr\u00eda ser algo as\u00ed:<\/p><blockquote><p>\u00a1Hola!: Soy mensajero por el d\u00eda, aspirante a actor por la noche y esta es mi web. Vivo en Madrid, tengo perrazo llamado Juan y me encantan las pi\u00f1as coladas (y que me pille un chaparr\u00f3n)<\/p><\/blockquote><p>\u2026 o algo as\u00ed:<\/p><blockquote><p>La empresa Calcetines XYZ se fund\u00f3 en 1971, y ha estado produciendo calcetines de calidad para sus clientes desde entonces. Ubicada en Gothan, la empresa XYZ tiene m\u00e1s de 2.000 empleados e intenta ayudar en lo que puede para mejorar la vida en Gothan<\/p><\/blockquote><p>Si eres nuevo en WordPress deber\u00edas ir a <a href=\"https:\/\/slateblue-falcon-325495.hostingersite.com\/wp-admin\/\">tu escritorio<\/a> para borrar esta p\u00e1gina y crear algunas nuevas con tu contenido. \u00a1P\u00e1salo bien!<\/p>","_et_gb_content_width":"","footnotes":""},"class_list":["post-2","page","type-page","status-publish","hentry"],"_links":{"self":[{"href":"https:\/\/ritomoderno.es\/index.php\/wp-json\/wp\/v2\/pages\/2","targetHints":{"allow":["GET"]}}],"collection":[{"href":"https:\/\/ritomoderno.es\/index.php\/wp-json\/wp\/v2\/pages"}],"about":[{"href":"https:\/\/ritomoderno.es\/index.php\/wp-json\/wp\/v2\/types\/page"}],"author":[{"embeddable":true,"href":"https:\/\/ritomoderno.es\/index.php\/wp-json\/wp\/v2\/users\/1"}],"replies":[{"embeddable":true,"href":"https:\/\/ritomoderno.es\/index.php\/wp-json\/wp\/v2\/comments?post=2"}],"version-history":[{"count":32,"href":"https:\/\/ritomoderno.es\/index.php\/wp-json\/wp\/v2\/pages\/2\/revisions"}],"predecessor-version":[{"id":324,"href":"https:\/\/ritomoderno.es\/index.php\/wp-json\/wp\/v2\/pages\/2\/revisions\/324"}],"wp:attachment":[{"href":"https:\/\/ritomoderno.es\/index.php\/wp-json\/wp\/v2\/media?parent=2"}],"curies":[{"name":"wp","href":"https:\/\/api.w.org\/{rel}","templated":true}]}}