{"id":24,"date":"2018-04-05T21:08:34","date_gmt":"2018-04-05T21:08:34","guid":{"rendered":"https:\/\/slateblue-falcon-325495.hostingersite.com\/?page_id=24"},"modified":"2020-06-26T20:18:03","modified_gmt":"2020-06-26T20:18:03","slug":"personajes","status":"publish","type":"page","link":"https:\/\/ritomoderno.es\/index.php\/personajes\/","title":{"rendered":"Personajes"},"content":{"rendered":"<p>[et_pb_section fb_built=\u00bb1&#8243; _builder_version=\u00bb3.22&#8243;][et_pb_row _builder_version=\u00bb3.25&#8243; background_size=\u00bbinitial\u00bb background_position=\u00bbtop_left\u00bb background_repeat=\u00bbrepeat\u00bb][et_pb_column type=\u00bb4_4&#8243; _builder_version=\u00bb3.25&#8243; custom_padding=\u00bb|||\u00bb custom_padding__hover=\u00bb|||\u00bb][et_pb_text _builder_version=\u00bb4.4.8&#8243; hover_enabled=\u00bb0&#8243; text_font=\u00bb|700|||||||\u00bb header_2_font=\u00bbAbhaya Libre|600|||||||\u00bb header_2_font_size=\u00bb30px\u00bb]<\/p>\n<h2>Personajes<\/h2>\n<p>[\/et_pb_text][\/et_pb_column][\/et_pb_row][et_pb_row _builder_version=\u00bb3.25&#8243; background_size=\u00bbinitial\u00bb background_position=\u00bbtop_left\u00bb background_repeat=\u00bbrepeat\u00bb column_structure=\u00bb1_3,2_3&#8243;][et_pb_column type=\u00bb1_3&#8243; _builder_version=\u00bb3.25&#8243; custom_padding=\u00bb|||\u00bb custom_padding__hover=\u00bb|||\u00bb][et_pb_image src=\u00bbhttps:\/\/slateblue-falcon-325495.hostingersite.com\/wp-content\/uploads\/2018\/04\/rf1.png\u00bb align_tablet=\u00bbcenter\u00bb align_last_edited=\u00bbon|desktop\u00bb _builder_version=\u00bb3.23&#8243; always_center_on_mobile=\u00bbon\u00bb][\/et_pb_image][\/et_pb_column][et_pb_column type=\u00bb2_3&#8243; _builder_version=\u00bb3.25&#8243; custom_padding=\u00bb|||\u00bb custom_padding__hover=\u00bb|||\u00bb][et_pb_accordion icon_color=\u00bb#ffffff\u00bb _builder_version=\u00bb4.4.8&#8243; toggle_font=\u00bbAbhaya Libre|700|||||||\u00bb hover_enabled=\u00bb0&#8243; toggle_font_size=\u00bb20px\u00bb body_font_size=\u00bb18px\u00bb][et_pb_accordion_item title=\u00bbJean T\u00e9ophile D\u00e9saguliers\u00bb closed_toggle_background_color=\u00bb#bbcfe0&#8243; _builder_version=\u00bb3.0.106&#8243; open=\u00bboff\u00bb]<img loading=\"lazy\" decoding=\"async\" class=\"size-medium wp-image-50 aligncenter\" src=\"https:\/\/slateblue-falcon-325495.hostingersite.com\/wp-content\/uploads\/2018\/04\/desaguliers-240x300.jpg\" alt=\"Personajes del Rito Franc\u00e9s, Jean Teophile Desaguliers,\" width=\"240\" height=\"300\" srcset=\"https:\/\/ritomoderno.es\/wp-content\/uploads\/2018\/04\/desaguliers-240x300.jpg 240w, https:\/\/ritomoderno.es\/wp-content\/uploads\/2018\/04\/desaguliers-768x960.jpg 768w, https:\/\/ritomoderno.es\/wp-content\/uploads\/2018\/04\/desaguliers.jpg 800w\" sizes=\"(max-width: 240px) 100vw, 240px\" \/><\/p>\n<p><b>John Theophilus<\/b>\u00a0o\u00a0<b>Jean Theophile Desaguliers<\/b>\u00a0(<a title=\"La Rochelle\" href=\"https:\/\/web.archive.org\/web\/20170627192414\/https:\/\/es.wikipedia.org\/wiki\/La_Rochelle\">La Rochelle<\/a>, 12 de marzo de\u00a0<a title=\"1683\" href=\"https:\/\/web.archive.org\/web\/20170627192414\/https:\/\/es.wikipedia.org\/wiki\/1683\">1683<\/a>\u00a0\u2014\u00a0<a title=\"Londres\" href=\"https:\/\/web.archive.org\/web\/20170627192414\/https:\/\/es.wikipedia.org\/wiki\/Londres\">Londres<\/a>, 29 de febrero de\u00a0<a title=\"1744\" href=\"https:\/\/web.archive.org\/web\/20170627192414\/https:\/\/es.wikipedia.org\/wiki\/1744\">1744<\/a>) fue un fil\u00f3sofo natural\u00a0<a title=\"Francia\" href=\"https:\/\/web.archive.org\/web\/20170627192414\/https:\/\/es.wikipedia.org\/wiki\/Francia\">franc\u00e9s<\/a>.<\/p>\n<p>Fue hijo de un pastor protestante de la comunidad de\u00a0<a title=\"Aytr\u00e9\" href=\"https:\/\/web.archive.org\/web\/20170627192414\/https:\/\/es.wikipedia.org\/wiki\/Aytr%C3%A9\">Aytr\u00e9<\/a>, actualmente Faubourg de la Rochelle. Como consecuencia de las persecuciones contra las reformas religiosas del reinado de\u00a0<a class=\"mw-redirect\" title=\"Luis XIV\" href=\"https:\/\/web.archive.org\/web\/20170627192414\/https:\/\/es.wikipedia.org\/wiki\/Luis_XIV\">Luis XIV<\/a>, sus padres y familiares abandonaron Francia para establecerse en\u00a0<a title=\"Inglaterra\" href=\"https:\/\/web.archive.org\/web\/20170627192414\/https:\/\/es.wikipedia.org\/wiki\/Inglaterra\">Inglaterra<\/a>.<sup id=\"cite_ref-1\" class=\"reference\"><a href=\"https:\/\/web.archive.org\/web\/20170627192414\/https:\/\/es.wikipedia.org\/wiki\/John_Theophilus_Desaguliers#cite_note-1\">1<\/a><\/sup><\/p>\n<p>Mas\u00f3n y redactor de las\u00a0<a title=\"Constituciones de Anderson\" href=\"https:\/\/web.archive.org\/web\/20170627192414\/https:\/\/es.wikipedia.org\/wiki\/Constituciones_de_Anderson\">Constituciones de Anderson<\/a>.<\/p>\n<p>Miembro de la\u00a0<a title=\"Royal Society\" href=\"https:\/\/web.archive.org\/web\/20170627192414\/https:\/\/es.wikipedia.org\/wiki\/Royal_Society\">Royal Society<\/a>\u00a0de Londres, asistente y divulgador de\u00a0<a title=\"Isaac Newton\" href=\"https:\/\/web.archive.org\/web\/20170627192414\/https:\/\/es.wikipedia.org\/wiki\/Isaac_Newton\">Isaac Newton<\/a>.<\/p>\n<p>Fue el \u00fanico que recibi\u00f3 la\u00a0<a title=\"Medalla Copley\" href=\"https:\/\/web.archive.org\/web\/20170627192414\/https:\/\/es.wikipedia.org\/wiki\/Medalla_Copley\">Medalla Copley<\/a>\u00a0tres veces:<\/p>\n<ul>\n<li><a title=\"1734\" href=\"https:\/\/web.archive.org\/web\/20170627192414\/https:\/\/es.wikipedia.org\/wiki\/1734\">1734<\/a>: \u201cEn consideraci\u00f3n a sus experimentos presentados en la\u00a0<a title=\"Royal Society\" href=\"https:\/\/web.archive.org\/web\/20170627192414\/https:\/\/es.wikipedia.org\/wiki\/Royal_Society\">Royal Society<\/a>\u201c.<sup id=\"cite_ref-2\" class=\"reference\"><a href=\"https:\/\/web.archive.org\/web\/20170627192414\/https:\/\/es.wikipedia.org\/wiki\/John_Theophilus_Desaguliers#cite_note-2\">2<\/a><\/sup><\/li>\n<li><a title=\"1736\" href=\"https:\/\/web.archive.org\/web\/20170627192414\/https:\/\/es.wikipedia.org\/wiki\/1736\">1736<\/a>: \u201cPor sus experimentos realizados durante el a\u00f1o\u201d.<sup id=\"cite_ref-3\" class=\"reference\"><a href=\"https:\/\/web.archive.org\/web\/20170627192414\/https:\/\/es.wikipedia.org\/wiki\/John_Theophilus_Desaguliers#cite_note-3\">3<\/a><\/sup><\/li>\n<li><a title=\"1741\" href=\"https:\/\/web.archive.org\/web\/20170627192414\/https:\/\/es.wikipedia.org\/wiki\/1741\">1741<\/a>: \u201cPor sus experimentos dedicados al descubrimiento de las propiedades de la\u00a0<a title=\"Electricidad\" href=\"https:\/\/web.archive.org\/web\/20170627192414\/https:\/\/es.wikipedia.org\/wiki\/Electricidad\">electricidad<\/a>\u201c.<sup id=\"cite_ref-4\" class=\"reference\"><a href=\"https:\/\/web.archive.org\/web\/20170627192414\/https:\/\/es.wikipedia.org\/wiki\/John_Theophilus_Desaguliers#cite_note-4\">4<\/a><\/sup><\/li>\n<\/ul>\n<p>[\/et_pb_accordion_item][et_pb_accordion_item title=\u00bbLuis de Borb\u00f3n &#8211; Conde de Clermont\u00bb closed_toggle_background_color=\u00bb#bbcfe0&#8243; _builder_version=\u00bb3.0.106&#8243; open=\u00bboff\u00bb]<img loading=\"lazy\" decoding=\"async\" class=\"size-medium wp-image-51 aligncenter\" src=\"https:\/\/slateblue-falcon-325495.hostingersite.com\/wp-content\/uploads\/2018\/04\/clermont-253x300.jpg\" alt=\"Personajes del Rito Franc\u00e9s, Conde de Clermont,\" width=\"253\" height=\"300\" srcset=\"https:\/\/ritomoderno.es\/wp-content\/uploads\/2018\/04\/clermont-253x300.jpg 253w, https:\/\/ritomoderno.es\/wp-content\/uploads\/2018\/04\/clermont.jpg 300w\" sizes=\"(max-width: 253px) 100vw, 253px\" \/><\/p>\n<p><b>Luis de Borb\u00f3n, Conde de Clermont<\/b><sup id=\"cite_ref-Charlotte_1-0\" class=\"reference\"><a href=\"https:\/\/web.archive.org\/web\/20170627192414\/https:\/\/es.wikipedia.org\/wiki\/Luis_de_Borb%C3%B3n-Cond%C3%A9_(1709-1771)#cite_note-Charlotte-1\">1<\/a><\/sup>\u00a0(<a title=\"Francia\" href=\"https:\/\/web.archive.org\/web\/20170627192414\/https:\/\/es.wikipedia.org\/wiki\/Francia\">Francia<\/a>,\u00a0<a title=\"15 de junio\" href=\"https:\/\/web.archive.org\/web\/20170627192414\/https:\/\/es.wikipedia.org\/wiki\/15_de_junio\">15 de junio<\/a>\u00a0de\u00a0<a title=\"1709\" href=\"https:\/\/web.archive.org\/web\/20170627192414\/https:\/\/es.wikipedia.org\/wiki\/1709\">1709<\/a>\u00a0\u2013\u00a0<a title=\"Francia\" href=\"https:\/\/web.archive.org\/web\/20170627192414\/https:\/\/es.wikipedia.org\/wiki\/Francia\">Francia<\/a>,\u00a0<a title=\"16 de junio\" href=\"https:\/\/web.archive.org\/web\/20170627192414\/https:\/\/es.wikipedia.org\/wiki\/16_de_junio\">16 de junio<\/a>\u00a0de\u00a0<a title=\"1771\" href=\"https:\/\/web.archive.org\/web\/20170627192414\/https:\/\/es.wikipedia.org\/wiki\/1771\">1771<\/a>), fue un noble franc\u00e9s e hijo de\u00a0<a title=\"Luis III de Borb\u00f3n-Cond\u00e9\" href=\"https:\/\/web.archive.org\/web\/20170627192414\/https:\/\/es.wikipedia.org\/wiki\/Luis_III_de_Borb%C3%B3n-Cond%C3%A9\">Luis III de Borb\u00f3n-Cond\u00e9<\/a>\u00a0y de su esposa\u00a0<a title=\"Luisa Francisca de Borb\u00f3n\" href=\"https:\/\/web.archive.org\/web\/20170627192414\/https:\/\/es.wikipedia.org\/wiki\/Luisa_Francisca_de_Borb%C3%B3n\">Luisa Francisca de Borb\u00f3n<\/a>, hija mayor sobreviviente e legitimada del rey\u00a0<a title=\"Luis XIV de Francia\" href=\"https:\/\/web.archive.org\/web\/20170627192414\/https:\/\/es.wikipedia.org\/wiki\/Luis_XIV_de_Francia\">Luis XIV de Francia<\/a>\u00a0y de su amante\u00a0<a title=\"Madame de Montespan\" href=\"https:\/\/web.archive.org\/web\/20170627192414\/https:\/\/es.wikipedia.org\/wiki\/Madame_de_Montespan\">Madame de Montespan<\/a>. Dirigi\u00f3 las fuerzas francesas en\u00a0<a title=\"Alemania\" href=\"https:\/\/web.archive.org\/web\/20170627192414\/https:\/\/es.wikipedia.org\/wiki\/Alemania\">Alemania<\/a>\u00a0durante la\u00a0<a title=\"Guerra de los Siete A\u00f1os\" href=\"https:\/\/web.archive.org\/web\/20170627192414\/https:\/\/es.wikipedia.org\/wiki\/Guerra_de_los_Siete_A%C3%B1os\">Guerra de los Siete A\u00f1os<\/a>, en la que asumi\u00f3 el mando en 1758 despu\u00e9s de que los franceses invadieran\u00a0<a title=\"Hannover\" href=\"https:\/\/web.archive.org\/web\/20170627192414\/https:\/\/es.wikipedia.org\/wiki\/Hannover\">Hannover<\/a>.<\/p>\n<p>Fue quinto\u00a0<a class=\"mw-redirect\" title=\"Gran Maestre\" href=\"https:\/\/web.archive.org\/web\/20170627192414\/https:\/\/es.wikipedia.org\/wiki\/Gran_Maestre\">Gran Maestre<\/a>\u00a0de la\u00a0<a title=\"Gran Logia de Francia\" href=\"https:\/\/web.archive.org\/web\/20170627192414\/https:\/\/es.wikipedia.org\/wiki\/Gran_Logia_de_Francia\">Gran Logia de Francia<\/a>, una de las principales obediencias mas\u00f3nicas de Francia, que existi\u00f3 desde 1728 hasta 1729. Seg\u00fan algunas fuentes, el conde fue elegido en 1743 y mantuvo el cargo hasta su muerte, y fue sucedido por su primo,\u00a0<a title=\"Luis Felipe I de Orleans\" href=\"https:\/\/web.archive.org\/web\/20170627192414\/https:\/\/es.wikipedia.org\/wiki\/Luis_Felipe_I_de_Orleans\">Luis Felipe I de Orleans<\/a>, conocido como el duque de Chartres, despu\u00e9s duque de Orl\u00e9ans.<sup id=\"cite_ref-3\" class=\"reference\"><a href=\"https:\/\/web.archive.org\/web\/20170627192414\/https:\/\/es.wikipedia.org\/wiki\/Luis_de_Borb%C3%B3n-Cond%C3%A9_(1709-1771)#cite_note-3\">3<\/a><\/sup>\u00a0Sin embargo, otra fuente afirma que fue designado Gran Maestre en 1744, pero pronto abandon\u00f3 la organizaci\u00f3n.<br \/>\n[\/et_pb_accordion_item][et_pb_accordion_item title=\u00bbFran\u00e7ois Bonaventure Joseph du Mont &#8211; Marqu\u00e9s de Gages\u00bb closed_toggle_background_color=\u00bb#bbcfe0&#8243; _builder_version=\u00bb3.0.106&#8243; open=\u00bboff\u00bb]<img loading=\"lazy\" decoding=\"async\" class=\"size-medium wp-image-52 aligncenter\" src=\"https:\/\/slateblue-falcon-325495.hostingersite.com\/wp-content\/uploads\/2018\/04\/gages-300x246.jpg\" alt=\"Personajes del Rito Franc\u00e9s, Marqu\u00e9s de Gages,\" width=\"300\" height=\"246\" \/><\/p>\n<p>Recordemos que la Masoner\u00eda de los Modernos se implanta por diversas v\u00edas en la Europa continental. En los Pa\u00edses Bajos lo hace, o bien directamente v\u00eda Londres, o v\u00eda Francia a trav\u00e9s de la Gran Logia dirigida por el conde de Clermont. De este modo el Marqu\u00e9s de Gages (cuya logia \u201cLa vraie et parfaite harmonie\u201d de Mons es de la correspondencia de la GLdF) aparece nombrado por Louis de Bourbon en 1766 como \u201cGrand Ma\u00eetre provincial et Inspecteur G\u00e9n\u00e9ral des loges rouges et bleues pour les provinces de Flandres, de Brabant et de Hainaut\u201d. Aprovechando la coyuntura y dificultades que atraviesa la masoner\u00eda francesa y el distanciamiento que ello conlleva entre la vinculaci\u00f3n de Gages con la GLF, la pretendida agrupaci\u00f3n de logias zonales emanadas directamente de la Gran Logia de Londres llevar\u00e1, entre otras casu\u00edsticas bien curiosas, a la creaci\u00f3n bajo patente de Londres de una aut\u00e9ntica y seriamente estructurada obediencia \u201cbelga\u201d, teniendo al Marqu\u00e9s de Gages como Gran Maestro provincial: la Gran Logia provincial de los Paises Bajos Austriacos, que regular\u00e1 ese cierto desorden reinante (propio por otra parte en cuanto a la descentralizaci\u00f3n) y aglutinar\u00e1 las Logias de su entorno. Como se\u00f1al\u00e1bamos en anteriores publicaciones con respecto al fen\u00f3meno de la proliferaci\u00f3n de grados en ese contexto hist\u00f3rico, a trav\u00e9s de las cartas entre el Conde de Clermont y el Marqu\u00e9s de Gages, el primero expresa su trabajo de estructuraci\u00f3n en 15 grados en 1767. Seg\u00fan Adolphe Cordier, de los rituales redactados por la Gran Logia Provincial de los Pa\u00edses Bajos Austriacos que superaban largamente la veintena, finalmente los Grados fueron reducidos a quince en 1776.<br \/>\nEn esta l\u00ednea, cabe resaltar que ya en 1772, es el Marqu\u00e9s de Gages quien exterioriza su proyecto de una masoner\u00eda en 7 Grados al Venerable de la Logia de Alost dentro de un contexto de contenci\u00f3n en las recepciones de Grados indic\u00e1ndole que algunos podr\u00edan devenir in\u00fatiles en un futuro de ser conferidos. Es precisamente en una estructuraci\u00f3n en tres Grados y Cuatro \u00d3rdenes elaborados por el Gran Cap\u00edtulo General de Francia de 1784, cuando en 1786 el Gran Oriente de Francia propone un texto de referencia para los tres grados azules, difundido en forma de copias manuscritas, y adopta los Cuatro \u00d3rdenes con la creaci\u00f3n\/integraci\u00f3n del Soberano Cap\u00edtulo Metropolitano, manteniendo como siempre el Grado de Rosacruz como \u201cNec Plus Ultra\u201d del Sistema.<\/p>\n<p>Existe una excelente obra dedicada al desarrollo de la Francmasoner\u00eda en los Pa\u00edses Bajos austriacos del S. XVIII entorno a la importante figura y obra del Marqu\u00e9s de Gages analizado desde diversos prismas y con la participaci\u00f3n de excelentes mason\u00f3logos e historiadores. El libro en cuesti\u00f3n, editado en el 2000 por Alain Dierkens, dentro de la colecci\u00f3n como volumen 11 de Problemas de historia de las Religiones por la Universit\u00e9 libre de Bruxelles (Instituto de estudio de las religiones y de la laicidad) \u2013 \u00c9ditions de l\u2019Universit\u00e9 de Bruxelles, y su t\u00edtulo es<\/p>\n<p>LE MARQUIS DE GAGES (1739-1787)<br \/>\nLA FRANC-MA\u00c7ONNERIE<br \/>\nDANS LES PAYS-BAS AUTRICHIENS<br \/>\n[\/et_pb_accordion_item][et_pb_accordion_item title=\u00bbLuis Felipe II de Orleans &#8211; Duque de Chartres\u00bb closed_toggle_background_color=\u00bb#bbcfe0&#8243; _builder_version=\u00bb3.0.106&#8243; open=\u00bboff\u00bb]<img loading=\"lazy\" decoding=\"async\" class=\"size-medium wp-image-53 aligncenter\" src=\"https:\/\/slateblue-falcon-325495.hostingersite.com\/wp-content\/uploads\/2018\/04\/chartres-212x300.jpg\" alt=\"Personajes del Rito Fracnc\u00e9s, Duque de Chartres,\" width=\"212\" height=\"300\" srcset=\"https:\/\/ritomoderno.es\/wp-content\/uploads\/2018\/04\/chartres-212x300.jpg 212w, https:\/\/ritomoderno.es\/wp-content\/uploads\/2018\/04\/chartres.jpg 614w\" sizes=\"(max-width: 212px) 100vw, 212px\" \/><\/p>\n<p><b>Luis Felipe II de Orleans<\/b>\u00a0(<a title=\"Palacio de Saint-Cloud\" href=\"https:\/\/web.archive.org\/web\/20170627192414\/https:\/\/es.wikipedia.org\/wiki\/Palacio_de_Saint-Cloud\">Palacio de Saint-Cloud<\/a>,\u00a0<a title=\"13 de abril\" href=\"https:\/\/web.archive.org\/web\/20170627192414\/https:\/\/es.wikipedia.org\/wiki\/13_de_abril\">13 de abril<\/a>\u00a0de\u00a0<a title=\"1747\" href=\"https:\/\/web.archive.org\/web\/20170627192414\/https:\/\/es.wikipedia.org\/wiki\/1747\">1747<\/a>\u00a0\u2013\u00a0<a title=\"Par\u00eds\" href=\"https:\/\/web.archive.org\/web\/20170627192414\/https:\/\/es.wikipedia.org\/wiki\/Par%C3%ADs\">Par\u00eds<\/a>,\u00a0<a title=\"6 de noviembre\" href=\"https:\/\/web.archive.org\/web\/20170627192414\/https:\/\/es.wikipedia.org\/wiki\/6_de_noviembre\">6 de noviembre<\/a>\u00a0de\u00a0<a title=\"1793\" href=\"https:\/\/web.archive.org\/web\/20170627192414\/https:\/\/es.wikipedia.org\/wiki\/1793\">1793<\/a>), fue<a class=\"mw-redirect\" title=\"Duque de Orleans\" href=\"https:\/\/web.archive.org\/web\/20170627192414\/https:\/\/es.wikipedia.org\/wiki\/Duque_de_Orleans\">duque de Orleans<\/a>\u00a0desde 1785, era un miembro de la rama menor de la\u00a0<a title=\"Casa de Borb\u00f3n\" href=\"https:\/\/web.archive.org\/web\/20170627192414\/https:\/\/es.wikipedia.org\/wiki\/Casa_de_Borb%C3%B3n\">Casa de Borb\u00f3n<\/a>, la dinast\u00eda gobernante de\u00a0<a title=\"Francia\" href=\"https:\/\/web.archive.org\/web\/20170627192414\/https:\/\/es.wikipedia.org\/wiki\/Francia\">Francia<\/a>. Partidario de la\u00a0<a title=\"Revoluci\u00f3n francesa\" href=\"https:\/\/web.archive.org\/web\/20170627192414\/https:\/\/es.wikipedia.org\/wiki\/Revoluci%C3%B3n_francesa\">Revoluci\u00f3n francesa<\/a>, fue conocido por los revolucionarios como\u00a0<b>Felipe Igualdad<\/b>. Muri\u00f3\u00a0<a title=\"Guillotina\" href=\"https:\/\/web.archive.org\/web\/20170627192414\/https:\/\/es.wikipedia.org\/wiki\/Guillotina\">guillotinado<\/a>\u00a0en 1793 durante el\u00a0<a class=\"mw-redirect\" title=\"Reinado del Terror\" href=\"https:\/\/web.archive.org\/web\/20170627192414\/https:\/\/es.wikipedia.org\/wiki\/Reinado_del_Terror\">Reinado del Terror<\/a>.<\/p>\n<p>Su hijo\u00a0<a title=\"Luis Felipe I de Francia\" href=\"https:\/\/web.archive.org\/web\/20170627192414\/https:\/\/es.wikipedia.org\/wiki\/Luis_Felipe_I_de_Francia\">Luis Felipe I<\/a>\u00a0lleg\u00f3 a ser\u00a0<a class=\"mw-redirect\" title=\"Rey de Francia\" href=\"https:\/\/web.archive.org\/web\/20170627192414\/https:\/\/es.wikipedia.org\/wiki\/Rey_de_Francia\">Rey de los Franceses<\/a>\u00a0despu\u00e9s de la\u00a0<a class=\"mw-redirect\" title=\"Revoluci\u00f3n de julio\" href=\"https:\/\/web.archive.org\/web\/20170627192414\/https:\/\/es.wikipedia.org\/wiki\/Revoluci%C3%B3n_de_julio\">Revoluci\u00f3n de julio<\/a>\u00a0de 1830. Resultante de su carrera, el t\u00e9rmino\u00a0<a title=\"Orleanismo\" href=\"https:\/\/web.archive.org\/web\/20170627192414\/https:\/\/es.wikipedia.org\/wiki\/Orleanismo\">Orleanismo<\/a>\u00a0llegar\u00e1 a ser partidario del movimiento en Francia que favorec\u00eda la<a title=\"Monarqu\u00eda constitucional\" href=\"https:\/\/web.archive.org\/web\/20170627192414\/https:\/\/es.wikipedia.org\/wiki\/Monarqu%C3%ADa_constitucional\">monarqu\u00eda constitucional<\/a>.<\/p>\n<p>Tras la muerte de Clermont, es elegido como Gran Maestre Louis Philippe Joseph d\u00b4Orleans, duque de Orleans y de Chartres, el futuro \u00abFelipe Igualdad\u00bb, asistido por el duque de Montmorency-Luxembourg como administrador general. Este es el verdadero fundador del Gran Oriente. La alta nobleza, se interesa de nuevo en la Masoner\u00eda. El 1 de septiembre de 1773 nace el Gran Oriente de Francia. Parte de los maestros de Par\u00eds no lo aceptan y fundan el Oriente de Clermont, que durar\u00e1 seis a\u00f1os hasta que se una el Gran Oriente.<br \/>\n[\/et_pb_accordion_item][et_pb_accordion_item title=\u00bbAlexandre-Louis Ro\u00ebttiers de Montaleau\u00bb closed_toggle_background_color=\u00bb#bbcfe0&#8243; _builder_version=\u00bb3.0.106&#8243; open=\u00bboff\u00bb]<img loading=\"lazy\" decoding=\"async\" class=\"size-medium wp-image-54 aligncenter\" src=\"https:\/\/slateblue-falcon-325495.hostingersite.com\/wp-content\/uploads\/2018\/04\/montaleau-231x300.jpg\" alt=\"Personajes del Rito Franc\u00e9s, Ro\u00cattiers de Montaleau,\" width=\"231\" height=\"300\" srcset=\"https:\/\/ritomoderno.es\/wp-content\/uploads\/2018\/04\/montaleau-231x300.jpg 231w, https:\/\/ritomoderno.es\/wp-content\/uploads\/2018\/04\/montaleau.jpg 263w\" sizes=\"(max-width: 231px) 100vw, 231px\" \/><\/p>\n<p><b>Alexandre-Louis Ro\u00ebttiers de Montaleau<\/b>, n\u00e9 le\u00a0<time class=\"nowrap date-lien\" datetime=\"1748-11-22\"><a title=\"22 novembre\" href=\"https:\/\/web.archive.org\/web\/20170627192414\/https:\/\/fr.wikipedia.org\/wiki\/22_novembre\">22 novembre<\/a>\u00a0<a title=\"1748\" href=\"https:\/\/web.archive.org\/web\/20170627192414\/https:\/\/fr.wikipedia.org\/wiki\/1748\">1748<\/a><\/time>\u00a0\u00e0\u00a0<a title=\"Paris\" href=\"https:\/\/web.archive.org\/web\/20170627192414\/https:\/\/fr.wikipedia.org\/wiki\/Paris\">Paris<\/a>\u00a0et mort le\u00a0<time class=\"nowrap date-lien\" datetime=\"1808-01-30\"><a title=\"30 janvier\" href=\"https:\/\/web.archive.org\/web\/20170627192414\/https:\/\/fr.wikipedia.org\/wiki\/30_janvier\">30<\/a>\u00a0<a title=\"Janvier 1808\" href=\"https:\/\/web.archive.org\/web\/20170627192414\/https:\/\/fr.wikipedia.org\/wiki\/Janvier_1808\">janvier<\/a><a title=\"1808\" href=\"https:\/\/web.archive.org\/web\/20170627192414\/https:\/\/fr.wikipedia.org\/wiki\/1808\">1808<\/a><\/time>\u00a0dans la capitale fran\u00e7aise, est un\u00a0<a class=\"mw-redirect\" title=\"Graveur\" href=\"https:\/\/web.archive.org\/web\/20170627192414\/https:\/\/fr.wikipedia.org\/wiki\/Graveur\">graveur<\/a>,\u00a0<a title=\"M\u00e9dailleur\" href=\"https:\/\/web.archive.org\/web\/20170627192414\/https:\/\/fr.wikipedia.org\/wiki\/M%C3%A9dailleur\">m\u00e9dailleur<\/a>\u00a0et\u00a0<a class=\"mw-redirect\" title=\"Franc-ma\u00e7on\" href=\"https:\/\/web.archive.org\/web\/20170627192414\/https:\/\/fr.wikipedia.org\/wiki\/Franc-ma%C3%A7on\">franc-ma\u00e7on<\/a>\u00a0fran\u00e7ais. Il est l\u2019une des figures du\u00a0<a title=\"Grand Orient de France\" href=\"https:\/\/web.archive.org\/web\/20170627192414\/https:\/\/fr.wikipedia.org\/wiki\/Grand_Orient_de_France\">Grand Orient de France<\/a>,\u00a0<a title=\"Ob\u00e9dience ma\u00e7onnique\" href=\"https:\/\/web.archive.org\/web\/20170627192414\/https:\/\/fr.wikipedia.org\/wiki\/Ob%C3%A9dience_ma%C3%A7onnique\">ob\u00e9dience ma\u00e7onnique<\/a>\u00a0qui lui doit sa survie durant la\u00a0<a title=\"R\u00e9volution fran\u00e7aise\" href=\"https:\/\/web.archive.org\/web\/20170627192414\/https:\/\/fr.wikipedia.org\/wiki\/R%C3%A9volution_fran%C3%A7aise\">R\u00e9volution fran\u00e7aise<\/a>, ainsi que la fondation de nombreuses\u00a0<a title=\"Loge ma\u00e7onnique\" href=\"https:\/\/web.archive.org\/web\/20170627192414\/https:\/\/fr.wikipedia.org\/wiki\/Loge_ma%C3%A7onnique\">loges ma\u00e7onniques<\/a>. Les t\u00e9moignages de ses contemporains<sup id=\"cite_ref-1\" class=\"reference\"><a href=\"https:\/\/web.archive.org\/web\/20170627192414\/https:\/\/fr.wikipedia.org\/wiki\/Alexandre_Ro%C3%ABttiers_de_Montaleau#cite_note-1\">n 1<\/a><\/sup>\u00a0prouvent que les archives de l\u2019ob\u00e9dience furent sauv\u00e9es par Ro\u00ebttiers de Montaleau, qui joua \u00e9galement un r\u00f4le \u00e9minent dans la fixation du\u00a0<a title=\"Rite fran\u00e7ais\" href=\"https:\/\/web.archive.org\/web\/20170627192414\/https:\/\/fr.wikipedia.org\/wiki\/Rite_fran%C3%A7ais\">Rite fran\u00e7ais<\/a>\u00a0moderne. Durant six ans, apr\u00e8s avoir \u00e9t\u00e9\u00a0<a title=\"Graveur g\u00e9n\u00e9ral des monnaies\" href=\"https:\/\/web.archive.org\/web\/20170627192414\/https:\/\/fr.wikipedia.org\/wiki\/Graveur_g%C3%A9n%C3%A9ral_des_monnaies\">graveur g\u00e9n\u00e9ral des monnaies<\/a>\u00a0et auditeur \u00e0 la\u00a0<a title=\"Chambre des comptes\" href=\"https:\/\/web.archive.org\/web\/20170627192414\/https:\/\/fr.wikipedia.org\/wiki\/Chambre_des_comptes\">Chambre des comptes<\/a>, il est directeur de la\u00a0<a title=\"Monnaie de Paris\" href=\"https:\/\/web.archive.org\/web\/20170627192414\/https:\/\/fr.wikipedia.org\/wiki\/Monnaie_de_Paris\">Monnaie de Paris<\/a>.<\/p>\n<p>Alexandre-Louis Ro\u00ebttiers de Montaleau est un personnage clef de l\u2019histoire de la\u00a0<a title=\"Franc-ma\u00e7onnerie en France\" href=\"https:\/\/web.archive.org\/web\/20170627192414\/https:\/\/fr.wikipedia.org\/wiki\/Franc-ma%C3%A7onnerie_en_France\">franc-ma\u00e7onnerie fran\u00e7aise<\/a>. Il joue un r\u00f4le essentiel au\u00a0<a title=\"Grand Orient de France\" href=\"https:\/\/web.archive.org\/web\/20170627192414\/https:\/\/fr.wikipedia.org\/wiki\/Grand_Orient_de_France\">Grand Orient de France<\/a>\u00a0d\u00e8s les ann\u00e9es 1780 et jusqu\u2019\u00e0 sa mort en 1808.<\/p>\n<p>Initi\u00e9 \u00e0 une date impr\u00e9cise \u00e0 la loge\u00a0<span class=\"citation\">\u00ab\u00a0L\u2019Amiti\u00e9\u00a0\u00bb<\/span>\u00a0de Paris, il est\u00a0<span class=\"citation\">\u00ab\u00a0\u00e9lev\u00e9 au grade de ma\u00eetre\u00a0\u00bb<\/span>\u00a0en termes ma\u00e7onniques en 1775. Il est successivement dans cette loge\u00a0<a title=\"Officiers de loge ma\u00e7onnique\" href=\"https:\/\/web.archive.org\/web\/20170627192414\/https:\/\/fr.wikipedia.org\/wiki\/Officiers_de_loge_ma%C3%A7onnique#Second_surveillant\">deuxi\u00e8me surveillant<\/a>\u00a0en 1775,\u00a0<a title=\"Officiers de loge ma\u00e7onnique\" href=\"https:\/\/web.archive.org\/web\/20170627192414\/https:\/\/fr.wikipedia.org\/wiki\/Officiers_de_loge_ma%C3%A7onnique#V.C3.A9n.C3.A9rable\">v\u00e9n\u00e9rable ma\u00eetre<\/a>\u00a0de 1778 \u00e0 1781 et de 1786 \u00e0 1778, soit en tout durant cinq ans.<\/p>\n<p>Le 26 d\u00e9cembre 1783, il est re\u00e7u \u00e0 la Maison philanthropique de Paris et fait partie de son comit\u00e9 directeur, de 1784 \u00e0 1787<sup id=\"cite_ref-:2_4-1\" class=\"reference\"><a href=\"https:\/\/web.archive.org\/web\/20170627192414\/https:\/\/fr.wikipedia.org\/wiki\/Alexandre_Ro%C3%ABttiers_de_Montaleau#cite_note-:2-4\">2<\/a><\/sup>.<\/p>\n<p>Cofondateur du\u00a0<span class=\"citation\">\u00ab\u00a0Grand Chapitre G\u00e9n\u00e9ral\u00a0\u00bb<\/span>, qui se m\u00e9tamorphose en\u00a0<span class=\"citation\">\u00ab\u00a0Souverain Chapitre M\u00e9tropolitain\u00a0\u00bb<\/span>, de Montaleau en est \u00e9lu pr\u00e9sident le 8 avril 1784 pour une dizaine d\u2019ann\u00e9es, jusqu\u2019en 1793. Il y repr\u00e9senta en tant que d\u00e9put\u00e9, les chapitres de\u00a0<a title=\"Limoges\" href=\"https:\/\/web.archive.org\/web\/20170627192414\/https:\/\/fr.wikipedia.org\/wiki\/Limoges\">Limoges<\/a>,\u00a0<a title=\"Rouen\" href=\"https:\/\/web.archive.org\/web\/20170627192414\/https:\/\/fr.wikipedia.org\/wiki\/Rouen\">Rouen<\/a>,\u00a0<a title=\"Dieppe (Seine-Maritime)\" href=\"https:\/\/web.archive.org\/web\/20170627192414\/https:\/\/fr.wikipedia.org\/wiki\/Dieppe_(Seine-Maritime)\">Dieppe<\/a>\u00a0et d\u2019<a title=\"Aix-en-Provence\" href=\"https:\/\/web.archive.org\/web\/20170627192414\/https:\/\/fr.wikipedia.org\/wiki\/Aix-en-Provence\">Aix-en-Provence<\/a>.<\/p>\n<p>De 1770 \u00e0 1777, Ro\u00ebttiers de Montaleau exerce diverses fonctions d\u2019officier \u00e0 la Chambre des provinces, avant d\u2019en \u00eatre pr\u00e9sident jusque 1794. Apr\u00e8s cette p\u00e9riode \u00e0 la Chambre, il fut v\u00e9n\u00e9rable d\u2019une dizaine de loges m\u00e9tropolitaines<sup id=\"cite_ref-:1_5-1\" class=\"reference\"><a href=\"https:\/\/web.archive.org\/web\/20170627192414\/https:\/\/fr.wikipedia.org\/wiki\/Alexandre_Ro%C3%ABttiers_de_Montaleau#cite_note-:1-5\">3<\/a><\/sup>.<\/p>\n<p>La m\u00e9moire collective ma\u00e7onnique l\u2019associe plus ou moins \u00e0 deux \u00e9v\u00e9nements\u00a0: la survie du Grand Orient pendant la R\u00e9volution et la fixation du\u00a0<a title=\"Rite fran\u00e7ais\" href=\"https:\/\/web.archive.org\/web\/20170627192414\/https:\/\/fr.wikipedia.org\/wiki\/Rite_fran%C3%A7ais\">Rite fran\u00e7ais<\/a>\u00a0moderne. De surcro\u00eet, son itin\u00e9raire et sa personnalit\u00e9 sont embl\u00e9matiques d\u2019une certaine g\u00e9n\u00e9ration ma\u00e7onnique qui passa le flambeau du\u00a0<abbr class=\"abbr\" title=\"Dix-huiti\u00e8me\"><span class=\"romain\">xviii<\/span><sup>e<\/sup><\/abbr>\u00a0au\u00a0<span class=\"romain\">xix<\/span><sup>e<\/sup>\u00a0si\u00e8cle<sup id=\"cite_ref-6\" class=\"reference\"><a href=\"https:\/\/web.archive.org\/web\/20170627192414\/https:\/\/fr.wikipedia.org\/wiki\/Alexandre_Ro%C3%ABttiers_de_Montaleau#cite_note-6\">4<\/a><\/sup>.<br \/>\n[\/et_pb_accordion_item][et_pb_accordion_item title=\u00bbPrincipe Lucien Murat\u00bb closed_toggle_background_color=\u00bb#bbcfe0&#8243; _builder_version=\u00bb3.0.106&#8243; open=\u00bboff\u00bb]<img loading=\"lazy\" decoding=\"async\" class=\"size-medium wp-image-55 aligncenter\" src=\"https:\/\/slateblue-falcon-325495.hostingersite.com\/wp-content\/uploads\/2018\/04\/murat-230x300.jpg\" alt=\"Personajes del Rito Franc\u00e9s, Lucien Murat,\" width=\"230\" height=\"300\" srcset=\"https:\/\/ritomoderno.es\/wp-content\/uploads\/2018\/04\/murat-230x300.jpg 230w, https:\/\/ritomoderno.es\/wp-content\/uploads\/2018\/04\/murat.jpg 390w\" sizes=\"(max-width: 230px) 100vw, 230px\" \/><\/p>\n<p><b>Lucien Murat<\/b>, n\u00e9 Charles Joseph Napol\u00e9on Murat \u00e0\u00a0<a title=\"Milan\" href=\"https:\/\/web.archive.org\/web\/20170627192414\/https:\/\/fr.wikipedia.org\/wiki\/Milan\">Milan<\/a>\u00a0le\u00a0<a title=\"16 mai\" href=\"https:\/\/web.archive.org\/web\/20170627192414\/https:\/\/fr.wikipedia.org\/wiki\/16_mai\">16 mai<\/a>\u00a0<a title=\"1803\" href=\"https:\/\/web.archive.org\/web\/20170627192414\/https:\/\/fr.wikipedia.org\/wiki\/1803\">1803<\/a>\u00a0et d\u00e9c\u00e9d\u00e9 \u00e0\u00a0<a title=\"Paris\" href=\"https:\/\/web.archive.org\/web\/20170627192414\/https:\/\/fr.wikipedia.org\/wiki\/Paris\">Paris<\/a>\u00a0le\u00a0<a title=\"10 avril\" href=\"https:\/\/web.archive.org\/web\/20170627192414\/https:\/\/fr.wikipedia.org\/wiki\/10_avril\">10 avril<\/a><a title=\"1878\" href=\"https:\/\/web.archive.org\/web\/20170627192414\/https:\/\/fr.wikipedia.org\/wiki\/1878\">1878<\/a>. Prince fran\u00e7ais, il est le second fils de\u00a0<a title=\"Joachim Murat\" href=\"https:\/\/web.archive.org\/web\/20170627192414\/https:\/\/fr.wikipedia.org\/wiki\/Joachim_Murat\">Joachim Murat<\/a>\u00a0et de\u00a0<a title=\"Caroline Bonaparte\" href=\"https:\/\/web.archive.org\/web\/20170627192414\/https:\/\/fr.wikipedia.org\/wiki\/Caroline_Bonaparte\">Caroline Bonaparte<\/a>. Il fut prince de\u00a0<a title=\"Royaume de Naples\" href=\"https:\/\/web.archive.org\/web\/20170627192414\/https:\/\/fr.wikipedia.org\/wiki\/Royaume_de_Naples\">Naples<\/a>,\u00a0<a title=\"Prince de Pontecorvo\" href=\"https:\/\/web.archive.org\/web\/20170627192414\/https:\/\/fr.wikipedia.org\/wiki\/Prince_de_Pontecorvo\">prince de Pontecorvo<\/a>, puis<abbr class=\"abbr\" title=\"Troisi\u00e8me\">3<sup>e<\/sup><\/abbr>\u00a0<a class=\"mw-redirect\" title=\"Prince Murat\" href=\"https:\/\/web.archive.org\/web\/20170627192414\/https:\/\/fr.wikipedia.org\/wiki\/Prince_Murat\">prince Murat<\/a>\u00a0ainsi que grand ma\u00eetre du\u00a0<a title=\"Grand Orient de France\" href=\"https:\/\/web.archive.org\/web\/20170627192414\/https:\/\/fr.wikipedia.org\/wiki\/Grand_Orient_de_France\">Grand Orient de France<\/a>.<\/p>\n<p>Devenu\u00a0<a title=\"S\u00e9nat (France)\" href=\"https:\/\/web.archive.org\/web\/20170627192414\/https:\/\/fr.wikipedia.org\/wiki\/S%C3%A9nat_(France)\">s\u00e9nateur<\/a>\u00a0\u00e0 la suite du\u00a0<a title=\"Coup d'\u00c9tat du 2 d\u00e9cembre 1851\" href=\"https:\/\/web.archive.org\/web\/20170627192414\/https:\/\/fr.wikipedia.org\/wiki\/Coup_d%27%C3%89tat_du_2_d%C3%A9cembre_1851\">coup d\u2019\u00c9tat<\/a>\u00a0par d\u00e9cret du 25 janvier 1852, il fut reconnu en 1853 dans son titre de prince.<\/p>\n<p>Au lendemain du coup d\u2019\u00c9tat de d\u00e9cembre 1851, les dignitaires du\u00a0<a title=\"Grand Orient de France\" href=\"https:\/\/web.archive.org\/web\/20170627192414\/https:\/\/fr.wikipedia.org\/wiki\/Grand_Orient_de_France\">Grand Orient de France<\/a>, Berville et Desanlis ne virent d\u2019autres moyens pour sauver l\u2019ob\u00e9dience que d\u2019offrir la grande ma\u00eetrise au prince Murat qui l\u2019accepta. Il fit voter la constitution de\u00a0<a title=\"1854\" href=\"https:\/\/web.archive.org\/web\/20170627192414\/https:\/\/fr.wikipedia.org\/wiki\/1854\">1854<\/a>\u00a0qui donnait au Grand-Ma\u00eetre, \u00e9lu pour sept ans, de grands pouvoirs. Il cr\u00e9a la Soci\u00e9t\u00e9 civile pour l\u2019\u00e9dification du temple de la\u00a0<a title=\"Franc-ma\u00e7onnerie en France\" href=\"https:\/\/web.archive.org\/web\/20170627192414\/https:\/\/fr.wikipedia.org\/wiki\/Franc-ma%C3%A7onnerie_en_France\">ma\u00e7onnerie fran\u00e7aise<\/a>\u00a0(1853-1854) et fit l\u2019achat de l\u2019immeuble du 16, rue Cadet \u00e0 Paris.<\/p>\n<p>En\u00a0<a title=\"1859\" href=\"https:\/\/web.archive.org\/web\/20170627192414\/https:\/\/fr.wikipedia.org\/wiki\/1859\">1859<\/a>, le prince se heurta \u00e0 la majorit\u00e9 des membres du Grand Orient de France \u00e0 propos de l\u2019<a class=\"mw-redirect\" title=\"Unit\u00e9 italienne\" href=\"https:\/\/web.archive.org\/web\/20170627192414\/https:\/\/fr.wikipedia.org\/wiki\/Unit%C3%A9_italienne\">unit\u00e9 italienne<\/a>\u00a0et du pouvoir temporel du pape. \u00c0 la suite d\u2019incidents, \u00e0 la demande de\u00a0<a title=\"Napol\u00e9on III\" href=\"https:\/\/web.archive.org\/web\/20170627192414\/https:\/\/fr.wikipedia.org\/wiki\/Napol%C3%A9on_III\">Napol\u00e9on III<\/a>, il donna sa d\u00e9mission le\u00a0<a title=\"29 juillet\" href=\"https:\/\/web.archive.org\/web\/20170627192414\/https:\/\/fr.wikipedia.org\/wiki\/29_juillet\">29 juillet<\/a>\u00a0<a title=\"1861\" href=\"https:\/\/web.archive.org\/web\/20170627192414\/https:\/\/fr.wikipedia.org\/wiki\/1861\">1861<\/a>\u00a0et le<a title=\"Bernard Pierre Magnan\" href=\"https:\/\/web.archive.org\/web\/20170627192414\/https:\/\/fr.wikipedia.org\/wiki\/Bernard_Pierre_Magnan\">mar\u00e9chal Magnan<\/a>\u00a0lui succ\u00e9da.<br \/>\n[\/et_pb_accordion_item][et_pb_accordion_item title=\u00bbLouis Amiable\u00bb closed_toggle_background_color=\u00bb#bbcfe0&#8243; _builder_version=\u00bb3.0.106&#8243; open=\u00bboff\u00bb]<img loading=\"lazy\" decoding=\"async\" class=\"size-medium wp-image-56 aligncenter\" src=\"https:\/\/slateblue-falcon-325495.hostingersite.com\/wp-content\/uploads\/2018\/04\/amiable-212x300.jpg\" alt=\"Personajes del Rito Franc\u00e9s, Louis Amiable,\" width=\"212\" height=\"300\" srcset=\"https:\/\/ritomoderno.es\/wp-content\/uploads\/2018\/04\/amiable-212x300.jpg 212w, https:\/\/ritomoderno.es\/wp-content\/uploads\/2018\/04\/amiable.jpg 411w\" sizes=\"(max-width: 212px) 100vw, 212px\" \/><\/p>\n<p><b>Louis Amiable<\/b>, n\u00e9 en\u00a0<a title=\"1837\" href=\"https:\/\/web.archive.org\/web\/20170627192414\/https:\/\/fr.wikipedia.org\/wiki\/1837\">1837<\/a>\u00a0et mort en\u00a0<a title=\"1897\" href=\"https:\/\/web.archive.org\/web\/20170627192414\/https:\/\/fr.wikipedia.org\/wiki\/1897\">1897<\/a>, est un\u00a0<a title=\"Avocat (m\u00e9tier)\" href=\"https:\/\/web.archive.org\/web\/20170627192414\/https:\/\/fr.wikipedia.org\/wiki\/Avocat_(m%C3%A9tier)\">avocat<\/a>, auteur et franc-ma\u00e7on fran\u00e7ais, docteur en droit et maire du\u00a0<a class=\"mw-redirect\" title=\"Ve arrondissement de Paris\" href=\"https:\/\/web.archive.org\/web\/20170627192414\/https:\/\/fr.wikipedia.org\/wiki\/Ve_arrondissement_de_Paris\">Ve arrondissement de Paris<\/a>.<\/p>\n<p>Il fut membre du Grand Coll\u00e8ge des Rites et du Conseil de l\u2019Ordre du\u00a0<a title=\"Grand Orient de France\" href=\"https:\/\/web.archive.org\/web\/20170627192414\/https:\/\/fr.wikipedia.org\/wiki\/Grand_Orient_de_France\">Grand Orient de France<\/a>. Il est l\u2019auteur d\u2019une monographie sur la\u00a0<a title=\"Neuf S\u0153urs\" href=\"https:\/\/web.archive.org\/web\/20170627192414\/https:\/\/fr.wikipedia.org\/wiki\/Neuf_S%C5%93urs\">loge des Neufs S\u0153urs<\/a>\u00a0(1897), qui est aujourd\u2019hui assez s\u00e9v\u00e8rement critiqu\u00e9e<sup id=\"cite_ref-DL1_1-1\" class=\"reference\"><a href=\"https:\/\/web.archive.org\/web\/20170627192414\/https:\/\/fr.wikipedia.org\/wiki\/Louis_Amiable#cite_note-DL1-1\">1<\/a><\/sup>. En\u00a0<a title=\"1886\" href=\"https:\/\/web.archive.org\/web\/20170627192414\/https:\/\/fr.wikipedia.org\/wiki\/1886\">1886<\/a>, il met en \u0153uvre une r\u00e9forme du\u00a0<a title=\"Rite fran\u00e7ais\" href=\"https:\/\/web.archive.org\/web\/20170627192414\/https:\/\/fr.wikipedia.org\/wiki\/Rite_fran%C3%A7ais\">Rite fran\u00e7ais<\/a>\u00a0dans une version adogmatique et positiviste<sup id=\"cite_ref-2\" class=\"reference\"><a href=\"https:\/\/web.archive.org\/web\/20170627192414\/https:\/\/fr.wikipedia.org\/wiki\/Louis_Amiable#cite_note-2\">2<\/a><\/sup>.<br \/>\n[\/et_pb_accordion_item][et_pb_accordion_item title=\u00bbArthur Groussier\u00bb closed_toggle_background_color=\u00bb#bbcfe0&#8243; _builder_version=\u00bb3.0.106&#8243; open=\u00bboff\u00bb]<img loading=\"lazy\" decoding=\"async\" class=\"size-medium wp-image-57 aligncenter\" src=\"https:\/\/slateblue-falcon-325495.hostingersite.com\/wp-content\/uploads\/2018\/04\/groussier-197x300.jpg\" alt=\"Personajes del Rito Franc\u00e8s, Arthur Groussier,\" width=\"197\" height=\"300\" srcset=\"https:\/\/ritomoderno.es\/wp-content\/uploads\/2018\/04\/groussier-197x300.jpg 197w, https:\/\/ritomoderno.es\/wp-content\/uploads\/2018\/04\/groussier-768x1172.jpg 768w, https:\/\/ritomoderno.es\/wp-content\/uploads\/2018\/04\/groussier-671x1024.jpg 671w, https:\/\/ritomoderno.es\/wp-content\/uploads\/2018\/04\/groussier.jpg 800w\" sizes=\"(max-width: 197px) 100vw, 197px\" \/><\/p>\n<p><b>Arthur Groussier<\/b>\u00a0(<a title=\"Orleans\" href=\"https:\/\/web.archive.org\/web\/20170627192414\/https:\/\/es.wikipedia.org\/wiki\/Orleans\">Orleans<\/a>\u00a0(Francia)\u00a0<a title=\"1863\" href=\"https:\/\/web.archive.org\/web\/20170627192414\/https:\/\/es.wikipedia.org\/wiki\/1863\">1863<\/a>\u2013\u00a0<a title=\"Enghien-les-Bains\" href=\"https:\/\/web.archive.org\/web\/20170627192414\/https:\/\/es.wikipedia.org\/wiki\/Enghien-les-Bains\">Enghien-les-Bains<\/a>\u00a0(Francia)\u00a0<a title=\"1957\" href=\"https:\/\/web.archive.org\/web\/20170627192414\/https:\/\/es.wikipedia.org\/wiki\/1957\">1957<\/a>) fue un\u00a0<a class=\"mw-redirect\" title=\"Sindicalista\" href=\"https:\/\/web.archive.org\/web\/20170627192414\/https:\/\/es.wikipedia.org\/wiki\/Sindicalista\">sindicalista<\/a>,\u00a0<a class=\"mw-redirect\" title=\"Mas\u00f3n\" href=\"https:\/\/web.archive.org\/web\/20170627192414\/https:\/\/es.wikipedia.org\/wiki\/Mas%C3%B3n\">mas\u00f3n<\/a>\u00a0y<a title=\"Pol\u00edtico\" href=\"https:\/\/web.archive.org\/web\/20170627192414\/https:\/\/es.wikipedia.org\/wiki\/Pol%C3%ADtico\">pol\u00edtico<\/a>\u00a0<a title=\"Francia\" href=\"https:\/\/web.archive.org\/web\/20170627192414\/https:\/\/es.wikipedia.org\/wiki\/Francia\">franc\u00e9s<\/a>.<\/p>\n<p>Naci\u00f3 en\u00a0<a title=\"Orleans\" href=\"https:\/\/web.archive.org\/web\/20170627192414\/https:\/\/es.wikipedia.org\/wiki\/Orleans\">Orleans<\/a>\u00a0(<a title=\"Francia\" href=\"https:\/\/web.archive.org\/web\/20170627192414\/https:\/\/es.wikipedia.org\/wiki\/Francia\">Francia<\/a>) el 18 de agosto de 1863. Estudi\u00f3\u00a0<a title=\"Ingenier\u00eda mec\u00e1nica\" href=\"https:\/\/web.archive.org\/web\/20170627192414\/https:\/\/es.wikipedia.org\/wiki\/Ingenier%C3%ADa_mec%C3%A1nica\">ingenier\u00eda mec\u00e1nica<\/a>. Se instala posteriormente en\u00a0<a title=\"Par\u00eds\" href=\"https:\/\/web.archive.org\/web\/20170627192414\/https:\/\/es.wikipedia.org\/wiki\/Par%C3%ADs\">Par\u00eds<\/a>\u00a0donde conoce a Julie Roux, con quien tendr\u00e1 un ni\u00f1o. Por principios deciden no contraer matrimonio. Muri\u00f3 el 6 de febrero de 1957 en\u00a0<a title=\"Enghien-les-Bains\" href=\"https:\/\/web.archive.org\/web\/20170627192414\/https:\/\/es.wikipedia.org\/wiki\/Enghien-les-Bains\">Enghien-les-Bains<\/a>.<\/p>\n<p>Se inici\u00f3 en 1885 en la Logia \u201c<i>L\u2019\u00c9mancipation<\/i>\u201d del\u00a0<a title=\"Gran Oriente de Francia\" href=\"https:\/\/web.archive.org\/web\/20170627192414\/https:\/\/es.wikipedia.org\/wiki\/Gran_Oriente_de_Francia\">Gran Oriente de Francia<\/a>. Se afili\u00f3 tambi\u00e9n a la Logia \u201c<i>Bienfaisance et Progr\u00e8s<\/i>\u201c.<\/p>\n<p>En 1907 es elegido Consejero de la Orden. Seguir\u00e1 si\u00e9ndolo hasta la llegada de la\u00a0<a title=\"Segunda Guerra Mundial\" href=\"https:\/\/web.archive.org\/web\/20170627192414\/https:\/\/es.wikipedia.org\/wiki\/Segunda_Guerra_Mundial\">Segunda Guerra Mundial<\/a><\/p>\n<p>Despu\u00e9s de haber abandonado la vida pol\u00edtica, en 1925 llega a ser Gran Maestre, es decir, Presidente del Consejo de la Orden del Gran Oriente de Francia. Su mandato es interrumpido en 1940 por el\u00a0<a class=\"mw-redirect\" title=\"Gobierno de Vichy\" href=\"https:\/\/web.archive.org\/web\/20170627192414\/https:\/\/es.wikipedia.org\/wiki\/Gobierno_de_Vichy\">Gobierno de Vichy<\/a>, para ser posteriormente renovado en el cargo en 1944-45. En ese momento tiene 82 a\u00f1os, est\u00e1 casi ciego, pero a pesar de eso, sigue teniendo gran peso en la Obediencia.<\/p>\n<p>Fue \u00e9l quien en el periodo de entreguerras defiende el regreso al Rito Franc\u00e9s. El texto bajo la direcci\u00f3n de Arthur Groussier se aprob\u00f3 en 1938 y a principios de 1955 marc\u00f3 el retorno del simbolismo en el ritual de la referencia del Gran Oriente bajo el nombre de\u00a0<a title=\"Rito Franc\u00e9s\" href=\"https:\/\/web.archive.org\/web\/20170627192414\/https:\/\/es.wikipedia.org\/wiki\/Rito_Franc%C3%A9s\">Rito Franc\u00e9s<\/a>\u00a0moderno o Rito Groussier.<br \/>\n[\/et_pb_accordion_item][et_pb_accordion_item title=\u00bbRen\u00e9 Guilly\u00bb closed_toggle_background_color=\u00bb#bbcfe0&#8243; _builder_version=\u00bb3.0.106&#8243; open=\u00bbon\u00bb]<img loading=\"lazy\" decoding=\"async\" class=\"size-medium wp-image-58 aligncenter\" src=\"https:\/\/slateblue-falcon-325495.hostingersite.com\/wp-content\/uploads\/2018\/04\/guilly-142x300.jpg\" alt=\"Personajes del Rito Franc\u00e9s, Ren\u00e9 Guilly,\" width=\"142\" height=\"300\" srcset=\"https:\/\/ritomoderno.es\/wp-content\/uploads\/2018\/04\/guilly-142x300.jpg 142w, https:\/\/ritomoderno.es\/wp-content\/uploads\/2018\/04\/guilly.jpg 251w\" sizes=\"(max-width: 142px) 100vw, 142px\" \/><\/p>\n<p><b>Ren\u00e9 Guilly<\/b>\u00a0(pseudonyme\u00a0<b>Ren\u00e9 D\u00e9saguliers<\/b>), n\u00e9 le\u00a0<time class=\"nowrap date-lien\" datetime=\"1921-07-27\"><a title=\"27 juillet\" href=\"https:\/\/web.archive.org\/web\/20170627192414\/https:\/\/fr.wikipedia.org\/wiki\/27_juillet\">27<\/a>\u00a0<a title=\"Juillet 1921\" href=\"https:\/\/web.archive.org\/web\/20170627192414\/https:\/\/fr.wikipedia.org\/wiki\/Juillet_1921\">juillet<\/a>\u00a0<a title=\"1921\" href=\"https:\/\/web.archive.org\/web\/20170627192414\/https:\/\/fr.wikipedia.org\/wiki\/1921\">1921<\/a><\/time>\u00a0\u00e0\u00a0<a title=\"Paris\" href=\"https:\/\/web.archive.org\/web\/20170627192414\/https:\/\/fr.wikipedia.org\/wiki\/Paris\">Paris<\/a>\u00a0et d\u00e9c\u00e9d\u00e9 le\u00a0<time class=\"nowrap date-lien\" datetime=\"1992-06-11\"><a title=\"11 juin\" href=\"https:\/\/web.archive.org\/web\/20170627192414\/https:\/\/fr.wikipedia.org\/wiki\/11_juin\">11<\/a>\u00a0<a title=\"Juin 1992\" href=\"https:\/\/web.archive.org\/web\/20170627192414\/https:\/\/fr.wikipedia.org\/wiki\/Juin_1992\">juin<\/a>\u00a0<a title=\"1992\" href=\"https:\/\/web.archive.org\/web\/20170627192414\/https:\/\/fr.wikipedia.org\/wiki\/1992\">1992<\/a><\/time><sup id=\"cite_ref-1\" class=\"reference\"><a href=\"https:\/\/web.archive.org\/web\/20170627192414\/https:\/\/fr.wikipedia.org\/wiki\/Ren%C3%A9_Guilly#cite_note-1\">1<\/a><\/sup>, est un\u00a0<a title=\"Journaliste\" href=\"https:\/\/web.archive.org\/web\/20170627192414\/https:\/\/fr.wikipedia.org\/wiki\/Journaliste\">journaliste<\/a>,<a class=\"mw-redirect\" title=\"Historien de l'art\" href=\"https:\/\/web.archive.org\/web\/20170627192414\/https:\/\/fr.wikipedia.org\/wiki\/Historien_de_l%27art\">historien de l\u2019art<\/a>,\u00a0<a title=\"Critique d'art\" href=\"https:\/\/web.archive.org\/web\/20170627192414\/https:\/\/fr.wikipedia.org\/wiki\/Critique_d%27art\">critique d\u2019art<\/a>,\u00a0<a title=\"Conservateur de mus\u00e9e\" href=\"https:\/\/web.archive.org\/web\/20170627192414\/https:\/\/fr.wikipedia.org\/wiki\/Conservateur_de_mus%C3%A9e\">conservateur de mus\u00e9e<\/a>,\u00a0<a class=\"mw-redirect\" title=\"Franc-ma\u00e7on\" href=\"https:\/\/web.archive.org\/web\/20170627192414\/https:\/\/fr.wikipedia.org\/wiki\/Franc-ma%C3%A7on\">franc-ma\u00e7on<\/a>\u00a0et\u00a0<a title=\"Ma\u00e7onnologie\" href=\"https:\/\/web.archive.org\/web\/20170627192414\/https:\/\/fr.wikipedia.org\/wiki\/Ma%C3%A7onnologie\">ma\u00e7onnologue<\/a>\u00a0<a title=\"France\" href=\"https:\/\/web.archive.org\/web\/20170627192414\/https:\/\/fr.wikipedia.org\/wiki\/France\">fran\u00e7ais<\/a>.<\/p>\n<p>Cependant, l\u2019engagement essentiel de sa vie, dans l\u2019ordre intellectuel et spirituel, il le contracte en\u00a0<a title=\"1951\" href=\"https:\/\/web.archive.org\/web\/20170627192414\/https:\/\/fr.wikipedia.org\/wiki\/1951\">1951<\/a>, lorsqu\u2019il est initi\u00e9 dans la\u00a0<a title=\"Loge ma\u00e7onnique\" href=\"https:\/\/web.archive.org\/web\/20170627192414\/https:\/\/fr.wikipedia.org\/wiki\/Loge_ma%C3%A7onnique\">loge<\/a>\u00a0<i>La Cl\u00e9mente Amiti\u00e9<\/i>\u00a0du\u00a0<a title=\"Grand Orient de France\" href=\"https:\/\/web.archive.org\/web\/20170627192414\/https:\/\/fr.wikipedia.org\/wiki\/Grand_Orient_de_France\">Grand Orient de France<\/a>. Il participe alors \u00e0 la reconstruction de l\u2019ob\u00e9dience en assistant dans ses missions son ami le\u00a0<a title=\"Grand ma\u00eetre\" href=\"https:\/\/web.archive.org\/web\/20170627192414\/https:\/\/fr.wikipedia.org\/wiki\/Grand_ma%C3%AEtre\">grand ma\u00eetre<\/a>\u00a0<a class=\"new\" title=\"Francis Viaud (page inexistante)\" href=\"https:\/\/web.archive.org\/web\/20170627192414\/https:\/\/fr.wikipedia.org\/w\/index.php?title=Francis_Viaud&amp;action=edit&amp;redlink=1\">Francis Viaud<\/a>. Mais d\u00e8s cette \u00e9poque il s\u2019interroge sur la nature de la tradition ma\u00e7onnique, sur ses sources, et sur l\u2019int\u00e9grit\u00e9 de son corpus rituel et symbolique. Il rencontre l\u2019\u00e9quipe qui anime la revue\u00a0<i>Le Symbolisme<\/i>\u00a0et son r\u00e9dacteur en chef\u00a0<a title=\"Marius Lepage\" href=\"https:\/\/web.archive.org\/web\/20170627192414\/https:\/\/fr.wikipedia.org\/wiki\/Marius_Lepage\">Marius Lepage<\/a>\u00a0avec lequel il noue une profonde amiti\u00e9 et un v\u00e9ritable compagnonnage intellectuel. Marius Lepage lui fait d\u00e9couvrir les travaux de la recherche ma\u00e7onnique anglaise et notamment un ouvrage intitul\u00e9\u00a0<i><span class=\"lang-en\" lang=\"en\">Early Masonic Catechisms<\/span><\/i>\u00a0qui pr\u00e9sente les plus anciens rituels connus. Ren\u00e9 Guilly d\u00e9couvre alors combien le retour aux documents fondateurs \u00e9claire, explique et vivifie les usages, symboles et rites de la franc-ma\u00e7onnerie. L\u2019\u00e9tude et la pratique de la tradition ma\u00e7onnique selon cette approche deviennent l\u2019\u0153uvre de sa vie.\u00a0<i><a title=\"Renaissance traditionnelle\" href=\"https:\/\/web.archive.org\/web\/20170627192414\/https:\/\/fr.wikipedia.org\/wiki\/Renaissance_traditionnelle\">Renaissance traditionnelle<\/a><\/i>, le titre de la revue qu\u2019il fonde en\u00a0<a title=\"1970\" href=\"https:\/\/web.archive.org\/web\/20170627192414\/https:\/\/fr.wikipedia.org\/wiki\/1970\">1970<\/a>, illustre cette d\u00e9marche. En effet, parall\u00e8lement \u00e0 l\u2019entreprise de compr\u00e9hension intellectuelle, il accomplit un travail de restitution de l\u2019enseignement ma\u00e7onnique originel. Le premier r\u00e9sultat de ses recherches est, en\u00a0<a title=\"1955\" href=\"https:\/\/web.archive.org\/web\/20170627192414\/https:\/\/fr.wikipedia.org\/wiki\/1955\">1955<\/a>, la fixation du\u00a0<a title=\"Rite fran\u00e7ais\" href=\"https:\/\/web.archive.org\/web\/20170627192414\/https:\/\/fr.wikipedia.org\/wiki\/Rite_fran%C3%A7ais#Rite_fran.C3.A7ais_moderne_r.C3.A9tabli_.28ou_Rite_fran.C3.A7ais_traditionnel.29\">Rite fran\u00e7ais moderne r\u00e9tabli<\/a>, devenu depuis le Rite fran\u00e7ais traditionnel. Il se consacre aussi beaucoup \u00e0 la red\u00e9couverte des fondements du\u00a0<a title=\"Rite \u00e9cossais rectifi\u00e9\" href=\"https:\/\/web.archive.org\/web\/20170627192414\/https:\/\/fr.wikipedia.org\/wiki\/Rite_%C3%A9cossais_rectifi%C3%A9\">R\u00e9gime \u00c9cossais Rectifi\u00e9<\/a>\u00a0au\u00a0<span class=\"romain\">xviii<\/span><sup>e<\/sup>\u00a0si\u00e8cle.<\/p>\n<p>Apr\u00e8s un passage par la Grande Loge nationale fran\u00e7aise-Op\u00e9ra, devenue depuis la\u00a0<a title=\"Grande Loge traditionnelle et symbolique Op\u00e9ra\" href=\"https:\/\/web.archive.org\/web\/20170627192414\/https:\/\/fr.wikipedia.org\/wiki\/Grande_Loge_traditionnelle_et_symbolique_Op%C3%A9ra\">Grande Loge traditionnelle et symbolique Op\u00e9ra<\/a>, il fonde en\u00a0<a title=\"1968\" href=\"https:\/\/web.archive.org\/web\/20170627192414\/https:\/\/fr.wikipedia.org\/wiki\/1968\">1968<\/a>\u00a0la\u00a0<a title=\"Loge nationale fran\u00e7aise\" href=\"https:\/\/web.archive.org\/web\/20170627192414\/https:\/\/fr.wikipedia.org\/wiki\/Loge_nationale_fran%C3%A7aise\">Loge nationale fran\u00e7aise<\/a>. Il a aussi marqu\u00e9 le domaine des\u00a0<a title=\"Hauts grades ma\u00e7onniques\" href=\"https:\/\/web.archive.org\/web\/20170627192414\/https:\/\/fr.wikipedia.org\/wiki\/Hauts_grades_ma%C3%A7onniques\">hauts grades<\/a>\u00a0avec le r\u00e9veil, en\u00a0<a title=\"1963\" href=\"https:\/\/web.archive.org\/web\/20170627192414\/https:\/\/fr.wikipedia.org\/wiki\/1963\">1963<\/a>, des Ordres capitulaires du\u00a0<a title=\"Rite fran\u00e7ais\" href=\"https:\/\/web.archive.org\/web\/20170627192414\/https:\/\/fr.wikipedia.org\/wiki\/Rite_fran%C3%A7ais\">Rite fran\u00e7ais<\/a>\u00a0au sein du Souverain Chapitre \u201cJean-Th\u00e9ophile D\u00e9saguliers\u201d et la cr\u00e9ation, en\u00a0<a title=\"1974\" href=\"https:\/\/web.archive.org\/web\/20170627192414\/https:\/\/fr.wikipedia.org\/wiki\/1974\">1974<\/a>, du Grand Prieur\u00e9 de Neustrie.<br \/>\n[\/et_pb_accordion_item][\/et_pb_accordion][\/et_pb_column][\/et_pb_row][\/et_pb_section]<\/p>\n","protected":false},"excerpt":{"rendered":"<p>Personajes John Theophilus\u00a0o\u00a0Jean Theophile Desaguliers\u00a0(La Rochelle, 12 de marzo de\u00a01683\u00a0\u2014\u00a0Londres, 29 de febrero de\u00a01744) fue un fil\u00f3sofo natural\u00a0franc\u00e9s. Fue hijo de un pastor protestante de la comunidad de\u00a0Aytr\u00e9, actualmente Faubourg de la Rochelle. Como consecuencia de las persecuciones contra las reformas religiosas del reinado de\u00a0Luis XIV, sus padres y familiares abandonaron Francia para establecerse en\u00a0Inglaterra.1 [&hellip;]<\/p>\n","protected":false},"author":1,"featured_media":0,"parent":0,"menu_order":0,"comment_status":"closed","ping_status":"closed","template":"","meta":{"_et_pb_use_builder":"on","_et_pb_old_content":"","_et_gb_content_width":"","footnotes":""},"class_list":["post-24","page","type-page","status-publish","hentry"],"_links":{"self":[{"href":"https:\/\/ritomoderno.es\/index.php\/wp-json\/wp\/v2\/pages\/24","targetHints":{"allow":["GET"]}}],"collection":[{"href":"https:\/\/ritomoderno.es\/index.php\/wp-json\/wp\/v2\/pages"}],"about":[{"href":"https:\/\/ritomoderno.es\/index.php\/wp-json\/wp\/v2\/types\/page"}],"author":[{"embeddable":true,"href":"https:\/\/ritomoderno.es\/index.php\/wp-json\/wp\/v2\/users\/1"}],"replies":[{"embeddable":true,"href":"https:\/\/ritomoderno.es\/index.php\/wp-json\/wp\/v2\/comments?post=24"}],"version-history":[{"count":14,"href":"https:\/\/ritomoderno.es\/index.php\/wp-json\/wp\/v2\/pages\/24\/revisions"}],"predecessor-version":[{"id":332,"href":"https:\/\/ritomoderno.es\/index.php\/wp-json\/wp\/v2\/pages\/24\/revisions\/332"}],"wp:attachment":[{"href":"https:\/\/ritomoderno.es\/index.php\/wp-json\/wp\/v2\/media?parent=24"}],"curies":[{"name":"wp","href":"https:\/\/api.w.org\/{rel}","templated":true}]}}